{"id":41528,"date":"2024-03-11T14:32:57","date_gmt":"2024-03-11T13:32:57","guid":{"rendered":"https:\/\/test.celticfolkfestival.com\/?page_id=41528"},"modified":"2024-03-20T13:27:46","modified_gmt":"2024-03-20T12:27:46","slug":"historische-kinderreis","status":"publish","type":"page","link":"https:\/\/test.celticfolkfestival.com\/de\/historische-kinderreis\/","title":{"rendered":"Historischer Kinderausflug"},"content":{"rendered":"<p>[et_pb_section fb_built=\u201c1\u2033 _builder_version=\u201c4.17.4\u2033 _module_preset=\u201cdefault\u201c background_image=\u201chttps:\/\/test.celticfolkfestival.com\/wp-content\/uploads\/2024\/03\/CCF-plaatje-eelde-2.png\u201c min_height=\u201c587,3px\u201c custom_margin=\u201c||||false|false\u201c custom_padding=\u201c||3px|||\u201c global_colors_info=\u201c{}\u201c][et_pb_row _builder_version=\u201c4.17.4\u2033 _module_preset=\u201cdefault\u201c width=\u201c100%\u201c max_width=\u201c1247px\u201c module_alignment=\u201ccenter\u201c min_height=\u201c235.3px\u201c custom_padding=\u201c|||0px| |\u201c global_colors_info=\u201c{}\u201c][et_pb_column type=\u201c4_4\u2033 _builder_version=\u201c4.17.4\u201c _module_preset=\u201cdefault\u201c global_colors_info=\u201c{}\u201c][et_pb_image src=\u201chttps:\/\/test.celticfolkfestival.com\/wp-content\/ uploads\/2024\/03\/kinderflyer-header.png\u201c title_text=\u201ckinderflyer header\u201c align=\u201ccenter\u201c _builder_version=\u201c4.17.4\u201c _module_preset=\u201cdefault\u201c background_enable_image=\u201coff\u201c custom_padding=\u201c|||0px||\u201c global_colors_info=\u201c{}\u201c][\/et_pb_image][\/et_pb_column][\/et_pb_row][et_pb_row _builder_version=\u201c4.17.4\u2033 _module_preset=\u201cdefault\u201c global_colors_info=\u201c{}\u201c][et_pb_column type=\u201c4_4\u2033 _builder_version=\u201c 4.17.4\u2033 _module_preset=\u201cdefault\u201c global_colors_info=\u201c{}\u201c][et_pb_text admin_label=\u201cText\u201c _builder_version=\u201c4.17.4\u2033 _module_preset=\u201cdefault\u201c header_text_align=\u201ccenter\u201c header_text_color=\u201c#FFFFFF\u201c min_height=\u201c157px\u201c custom_margin=\u201c-40px||||false|false\u201c custom_margin_tablet=\u201c-55px||||false|false\u201c custom_margin_phone=\u201c-30px||||false|false\u201c custom_margin_last_edited=\u201con|phone\u201c global_colors_info=\u201c{ }\u201c]<\/p>\n<h1 style=\"text-align: center;\">23. M\u00e4rz 2024 14:30 bis 16:30 Uhr<br \/><em>Freier Eintritt; Reservieren Sie unten Ihr Ticket<\/em><\/h1>\n<p>[\/et_pb_text][\/et_pb_column][\/et_pb_row][et_pb_row _builder_version=\u201c4.17.4\u201c _module_preset=\u201cdefault\u201c global_colors_info=\u201c{}\u201c][et_pb_column type=\u201c4_4\u2033 _builder_version=\u201c4.17.4\u201c _module_preset=\u201c default\u201c global_colors_info=\u201c{}\u201c][et_pb_text _builder_version=\u201c4.17.4\u2033 _module_preset=\u201cdefault\u201c min_height=\u201c138px\u201c global_colors_info=\u201c{}\u201c]<\/p>\n<h1 style=\"text-align: center;\"><strong>Nehmen Sie Ihre Kinder mit auf eine Reise zu 4 besonderen Orten<\/strong><\/h1>\n<p><strong><\/strong><\/p>\n<h2 style=\"text-align: center;\">Jeder Ort hat etwas Besonderes, an dem Kinder spielerisch etwas lernen.<\/h2>\n<h2 style=\"text-align: center;\">Treffen Sie einen Wikinger, echte Kelten, die Musik machen, und sehen Sie das spektakul\u00e4re Hochland<\/h2>\n<h2 style=\"text-align: center;\">Tanzen Sie Schwerttanz und machen Sie eine R\u00e4tseltour durch den Wandergarten des Buitenplaats.<\/h2>\n<p>[\/et_pb_text][\/et_pb_column][\/et_pb_row][\/et_pb_section][et_pb_section fb_built=\u201c1\u2033 _builder_version=\u201c4.17.4\u201c _module_preset=\u201cdefault\u201c min_height=\u201c1079.3px\u201c global_colors_info=\u201c{}\u201c][et_pb_row _builder_version=\u201c4.17.4\u2033 _module_preset=\u201cdefault\u201c][et_pb_column _builder_version=\u201c4.17.4\u201c _module_preset=\u201cdefault\u201c type=\u201c4_4\u2033][et_pb_image src=\u201chttps:\/\/test.celticfolkfestival.com\/wp-content\/ uploads\/2024\/03\/kinder-schema- medieval-smal.jpg\u201c _builder_version=\u201c4.17.4\u201c _module_preset=\u201cdefault\u201c title_text=\u201cKinderplan Nachmittag\u201c hover_enabled=\u201c0\u201c sticky_enabled=\u201c0\u201c][\/et_pb_image] [\/et_pb_column][\/et_pb_row][et_pb_row columns_structure=\u201c1_2,1_2\u2033 module_id=\u201chistorical-children&#039;s-journey\u201c _builder_version=\u201c4.17.4\u201c _module_preset=\u201cdefault\u201c min_height=\u201c1046.3px\u201c global_colors_info=\u201c{}\u201c ][ et_pb_column type=\u201c1_2\u2033 _builder_version=\u201c4.17.4\u2033 _module_preset=\u201cdefault\u201c global_colors_info=\u201c{}\u201c][et_pb_text _builder_version=\u201c4.17.4\u2033 _module_preset=\u201cdefault\u201c custom_padding=\u201c5px||||| \u201d global_colors_info=\u201c{}\u201c]<\/p>\n<h1 style=\"text-align: center;\"><strong>Baunachrichten<\/strong><\/h1>\n<p style=\"text-align: center;\"><strong><em>21. Februar Neues vom Bauwesen: Arch\u00e4ologie<\/em><\/strong><br \/><em>Ver\u00f6ffentlicht um 10:47 Uhr von Rick Wind (Projektleiter) <\/em><\/p>\n<p style=\"text-align: center;\"><a href=\"https:\/\/www.nieuwsvandebouw.nl\/App\/Projects\/Timeline?projectId=4f891b28-04cc-4917-1656-08dbfd63ed65\"><em>(Klicken Sie hier f\u00fcr die Originalnachricht)<\/em><\/a><\/p>\n<p>[\/et_pb_text][et_pb_text _builder_version=\u201c4.17.4\u201c _module_preset=\u201cdefault\u201c global_colors_info=\u201c{}\u201c]<\/p>\n<p><span>Die Arbeiten am Hoofdweg werden teilweise unter arch\u00e4ologischer Aufsicht durchgef\u00fchrt. Dieser Teil liegt zwischen dem Zentrum und dem Boerhaaveweg. Vorl\u00e4ufige Untersuchungen haben gezeigt, dass es in diesem Gebiet m\u00f6glicherweise arch\u00e4ologische \u00dcberreste gibt. Bei Ausgrabungsarbeiten ist ein Arch\u00e4ologe am Werk, um zu pr\u00fcfen, ob sich im Boden Spuren oder wertvolle Funde befinden, m\u00f6glicherweise aus dem Mittelalter. Wir erwarten diese Funde in der Mitte der Fahrbahn, wo bisher noch keine Ausgrabungen stattgefunden haben.<\/span><\/p>\n<p>[\/et_pb_text][et_pb_image src=\u201chttps:\/\/test.celticfolkfestival.com\/wp-content\/uploads\/2024\/03\/Eelde-opgravingen.jpg\u201c title_text=\u201cEelde-Ausgrabungen\u201c _builder_version=\u201c4.17.4\u201c _module_preset=\u201cdefault \u201d global_colors_info=\u201c{}\u201c][\/et_pb_image][\/et_pb_column][et_pb_column type=\u201c1_2\u2033 _builder_version=\u201c4.17.4\u201c _module_preset=\u201cdefault\u201c global_colors_info=\u201c{}\u201c][et_pb_text _builder_version=\u201c4.17.4 \u2033 _module_preset=\u201cdefault\u201c box_shadow_style=\u201cpreset2\u2033 box_shadow_horizontal=\u201c0px\u201c box_shadow_vertical=\u201c12px\u201c box_shadow_spread=\u201c-6px\u201c global_colors_info=\u201c{}\u201c]<\/p>\n<p><span><\/span><\/p>\n<p>[\/et_pb_text][et_pb_text _builder_version=\u201c4.17.4\u201c _module_preset=\u201cdefault\u201c global_colors_info=\u201c{}\u201c]<\/p>\n<p><em><strong>F\u00fcr den Kindernachmittag m\u00fcssen die Eltern keine Eintrittskarte kaufen, wohl aber eine Eintrittskarte daf\u00fcr <a href=\"https:\/\/test.celticfolkfestival.com\/de\/eelde\/\">Abendprogramm, <\/a>mit 10 Bands an 5 Standorten<\/strong><\/em><\/p>\n<p>[\/et_pb_text][et_pb_text _builder_version=\u201c4.17.4\u201c _module_preset=\u201cdefault\u201c global_colors_info=\u201c{}\u201c]<\/p>\n<h2>Wir kontaktierten die Arch\u00e4ologen und sie erz\u00e4hlten uns etwas mehr \u00fcber ihre Funde \u2026<\/h2>\n<p>Bei den Arbeiten am Hoofdweg in Eelde wurde eine fantastische Entdeckung gemacht! Es wurden Beweise f\u00fcr eine legend\u00e4re Schlacht zwischen Wikingern und Kelten gefunden!<\/p>\n<p>Dabei stie\u00dfen die Bauherren auf sehr alte Gegenst\u00e4nde, auf denen etwas in sehr merkw\u00fcrdigen Schriftzeichen geschrieben stand... Wenn Sie wissen m\u00f6chten, was sie genau gefunden haben, kommen Sie von 14:30 bis 16:30 Uhr zum Kindernachmittag des Keltenvolksfestes 23. M\u00e4rz 2024 in Eelde.<\/p>\n<h2>Das Drents Museum verf\u00fcgt \u00fcber alte Schriften und dies ist ein kleiner Ausschnitt aus einem alten mittelalterlichen Text:<\/h2>\n<p>Elethe (heute Eelde), ein ruhiges Dorf inmitten \u00fcppiger W\u00e4lder und fruchtbarer Felder, wurde zum Schlachtfeld zwischen zwei m\u00e4chtigen V\u00f6lkern. Die Kelten, verbunden mit der Erde und ihren Geheimnissen, konnten bereits die Kriegstrommeln im Wind fl\u00fcstern h\u00f6ren. Die Wikinger mit ihrem furchtlosen Geist und ihrer r\u00fccksichtslosen St\u00e4rke wollten unbedingt in die Schlacht ziehen.<\/p>\n<p>An einem kalten Morgen, als der Tau noch auf dem Gras gl\u00e4nzte, standen sich die Armeen gegen\u00fcber. Die Kelten, eingeh\u00fcllt in das Gr\u00fcn des Waldes, wurden von ihren tapferen Kriegern und weisen Druiden angef\u00fchrt. Auf der anderen Seite standen die Wikinger mit ihren bedrohlichen Helmen und glitzernden Schwertern bereit, ihren Namen in die Geschichte einzugravieren.\u00a0<\/p>\n<p>Der Kampf brach mit einem ohrenbet\u00e4ubenden Br\u00fcllen aus, das die V\u00f6gel von den B\u00e4umen fliegen lie\u00df. Schwerter klirrten, Pfeile flogen durch die Luft und der Kampfl\u00e4rm war wie Donner, der \u00fcber das Land rollte. Die Kelten k\u00e4mpften mit dem Mut der L\u00f6wen, aber die Wikinger waren wie ein Sturm, der unaufhaltsam schien. W\u00e4hrend des Kampfes kommt jedoch die Nachricht, dass Eelde \u00fcberhaupt nicht interessant genug ist, weil es viel zu niedrig ist! Die Schlacht wird beendet ... und die Kelten und Wikinger begraben das Kriegsbeil im Gasthaus von Hilbrantsz.<\/p>\n<p>[\/et_pb_text][\/et_pb_column][\/et_pb_row][et_pb_row columns_structure=\u201c1_2,1_2\u2033 _builder_version=\u201c4.17.4\u201c _module_preset=\u201cdefault\u201c global_colors_info=\u201c{}\u201c][et_pb_column type=\u201c1_2\u2033 _builder_version=\u201c 4.17.4\u2033 _module_preset=\u201cdefault\u201c global_colors_info=\u201c{}\u201c][et_pb_text _builder_version=\u201c4.17.4\u2033 _module_preset=\u201cdefault\u201c global_colors_info=\u201c{}\u201c]<\/p>\n<h1 style=\"text-align: center;\"><strong>Keltische Nachrichten<\/strong><\/h1>\n<p>[\/et_pb_text] [\/et_pb_column] [et_pb_column type = &quot;1_2&quot; _builder_version = &quot;4.17.4&quot; _module_Preset = &quot;Default&quot; global_colors_info = &quot;{{}&quot;] [ET_PB_TEXT _BEUTRE_MOD_MOD_MOD_MOD_MOD_MODE_MODE_MOGE_MOGE_MODE_MODE_MODE_MOULDE_MOULDE_MOULDE_MEIDERSIGERS. global_colors_info = \u201d{}\u201d]<\/p>\n<h1 style=\"text-align: center;\"><strong>Wikinger-Nachrichten<\/strong><\/h1>\n<p>[\/et_pb_text][\/et_pb_column][\/et_pb_row][et_pb_row columns_structure=\u201c1_2,1_2\u2033 _builder_version=\u201c4.17.4\u201c _module_preset=\u201cdefault\u201c global_colors_info=\u201c{}\u201c][et_pb_column type=\u201c1_2\u2033 _builder_version=\u201c 4.17.4\u2033 _module_preset=\u201cdefault\u201c global_colors_info=\u201c{}\u201c][et_pb_text _builder_version=\u201c4.17.4\u2033 _module_preset=\u201cdefault\u201c global_colors_info=\u201c{}\u201c]<\/p>\n<h1>Neue Funde bei Ausgrabungsarbeiten offenbaren einen Zusammenhang zwischen der alten Ogham-Schrift und dem Namen Eelde<\/h1>\n<p>Bei den j\u00fcngsten Ausgrabungsarbeiten an der Hauptstra\u00dfe in Eelde wurden spannende Entdeckungen gemacht, die die Geschichte der Region weiter erhellen. Arch\u00e4ologen haben Artefakte gefunden, die auf eine Verbindung zwischen der alten Ogham-Schrift und dem historischen Namen von Eelde, bekannt als Elethe, hinweisen, der angeblich von Elatha abgeleitet ist.<\/p>\n<p>Diese vermutlich Jahrhunderte alten Objekte liefern wertvolle Hinweise auf die fr\u00fchen Bewohner von Eelde und ihre kulturellen Praktiken. Inschriften, die in der Ogham-Schrift auf Artefakten eingraviert zu sein scheinen, deuten auf eine tiefe Verbindung mit dem Namen Elethe hin, der alten Legenden zufolge offenbar seinen Ursprung in der Herrscherin Elatha hat.<\/p>\n<p>Interessanterweise soll die Ogham-Schrift alten Schriften zufolge erstmals w\u00e4hrend der Herrschaft von Bres, dem Sohn von Elatha, erfunden worden sein. Die legend\u00e4re Figur Ogma, Bruder von Bres und zugleich Sohn von Elatha, ist f\u00fcr seine Sprach- und Poesief\u00e4higkeiten bekannt und gilt als Sch\u00f6pfer der Ogham-Schrift.<\/p>\n<p>Diese Entdeckung wirft ein neues Licht auf die reiche Geschichte von Eelde und unterstreicht die kulturelle und sprachliche Vielfalt, die einst in dieser Region bl\u00fchte. Arch\u00e4ologen f\u00fchren nun eine weitere Analyse der gefundenen Artefakte durch, um mehr \u00fcber die alten Zivilisationen zu erfahren, die einst dieses Land bewohnten, und \u00fcber die Rolle, die die Ogham-Schrift in ihrem t\u00e4glichen Leben spielte.<\/p>\n<p>[\/et_pb_text] [\/et_pb_column] [et_pb_column type = &quot;1_2&quot; _builder_version = &quot;4.17.4&quot; _module_Preset = &quot;Default&quot; global_colors_info = &quot;{{}&quot;] [ET_PB_TEXT _BEUTRE_MOD_MOD_MOD_MOD_MOD_MODE_MODE_MOGE_MOGE_MODE_MODE_MODE_MOULDE_MOULDE_MOULDE_MEIDERSIGERS. global_colors_info = \u201d{}\u201d]<\/p>\n<h1>Die unter einer alten Linde gefundene Kanonenkugelbombe Berend entpuppt sich als Wikingerschleuder aus dem Mittelalter.<\/h1>\n<p>Die Entdeckung der Kanonenkugel, die als m\u00f6gliches \u00dcberbleibsel der Belagerung von \u201eBommen Berend\u201c gilt, ist eine wichtige Entdeckung, die die reiche Geschichte der Region weiter veranschaulicht. Sorgf\u00e4ltige Recherchen ergaben jedoch, dass der Ursprung der Kugel viel weiter zur\u00fcckreicht als zun\u00e4chst angenommen, n\u00e4mlich bis in die Zeit der Wikinger.<\/p>\n<p>Das Artefakt, das unter einer jahrhundertealten Linde hinter dem Museum entdeckt wurde, wurde als Steinschleuder aus der Wikingerzeit identifiziert, die bis ins Mittelalter zur\u00fcckreicht. Diese Entdeckung wirft die Frage auf, wie die Wikinger zu einer Zeit, als Eisen noch ein seltenes und kostbares Metall war, solch fortschrittliche Eisenwaffen herstellen konnten.<\/p>\n<p>Experten zufolge war die Verwendung eiserner Schleuderkugeln durch die Wikinger ein Zeichen ihrer fortgeschrittenen metallurgischen F\u00e4higkeiten und ihrer F\u00e4higkeit, die verf\u00fcgbaren Ressourcen zu nutzen. Im Gegensatz zu fr\u00fcheren Annahmen \u00fcber die primitiven Technologien der Zeit.<\/p>\n<p>Dar\u00fcber hinaus weisen neuere astronomische Forschungen auf einen interessanten Zusammenhang zwischen den Magnetfeldern rund um die Erde und dem Vorhandensein von Meteoriten auf der Erdoberfl\u00e4che hin. Aufgrund der Anziehungskraft dieser Magnetfelder landen im Norden und S\u00fcden der Welt mehr Meteoriten auf der Erde. Diese Meteoriten brachten nicht nur seltene Metalle wie Eisen auf unseren Planeten, sondern lieferten auch Baumaterialien f\u00fcr fortschrittliche Waffen wie die von den Wikingern verwendeten Eisenschleudern.<\/p>\n<p>Diese Entdeckung wirft ein neues Licht auf die technologischen Fortschritte der Wikinger und unterstreicht die Bedeutung der arch\u00e4ologischen Forschung f\u00fcr die Vertiefung unseres Verst\u00e4ndnisses der Vergangenheit. Die Eisenkugel ist w\u00e4hrend der \u00d6ffnungszeiten im Museum zu besichtigen.<\/p>\n<p>[\/et_pb_text][\/et_pb_column][\/et_pb_row][et_pb_row columns_structure=\u201c1_2,1_2\u2033 _builder_version=\u201c4.17.4\u201c _module_preset=\u201cdefault\u201c global_colors_info=\u201c{}\u201c][et_pb_column type=\u201c1_2\u2033 _builder_version=\u201c 4.17.4\u2033 _module_preset=\u201cdefault\u201c global_colors_info=\u201c{}\u201c][\/et_pb_column][et_pb_column type=\u201c1_2\u2033 _builder_version=\u201c4.17.4\u201c _module_preset=\u201cdefault\u201c global_colors_info=\u201c{}\u201c][et_pb_text _builder_version= \u201e4.17.4\u201c _module_preset=\u201cdefault\u201c global_colors_info=\u201c{}\u201c]<\/p>\n<p><em>Auf dieser Seite vermischen sich Wahrheit und Fiktion. Versuchen Sie herauszufinden, was wahr ist und was nicht, und lassen Sie es uns wissen.<\/em><\/p>\n<p>[\/et_pb_text][\/et_pb_column][\/et_pb_row][\/et_pb_section]<\/p>","protected":false},"excerpt":{"rendered":"<p>23. M\u00e4rz 2024 14:30 bis 16:30 Uhr Eintritt frei; Reservieren Sie unten Ihr Ticket. Nehmen Sie Ihre Kinder mit auf eine Reise zu 4 besonderen Orten. Jeder Ort hat etwas Besonderes, an dem Kinder auf spielerische Weise etwas lernen. Treffen Sie einen Wikinger, echte Kelten, die Musik machen, beobachten Sie den spektakul\u00e4ren Schwerttanz im Hochland und unternehmen Sie eine R\u00e4tseltour durch den Wandergarten von [\u2026]<\/p>","protected":false},"author":11,"featured_media":0,"parent":0,"menu_order":0,"comment_status":"closed","ping_status":"closed","template":"","meta":{"_et_pb_use_builder":"on","_et_pb_old_content":"","_et_gb_content_width":"","footnotes":""},"class_list":["post-41528","page","type-page","status-publish","hentry"],"_links":{"self":[{"href":"https:\/\/test.celticfolkfestival.com\/de\/wp-json\/wp\/v2\/pages\/41528","targetHints":{"allow":["GET"]}}],"collection":[{"href":"https:\/\/test.celticfolkfestival.com\/de\/wp-json\/wp\/v2\/pages"}],"about":[{"href":"https:\/\/test.celticfolkfestival.com\/de\/wp-json\/wp\/v2\/types\/page"}],"author":[{"embeddable":true,"href":"https:\/\/test.celticfolkfestival.com\/de\/wp-json\/wp\/v2\/users\/11"}],"replies":[{"embeddable":true,"href":"https:\/\/test.celticfolkfestival.com\/de\/wp-json\/wp\/v2\/comments?post=41528"}],"version-history":[{"count":0,"href":"https:\/\/test.celticfolkfestival.com\/de\/wp-json\/wp\/v2\/pages\/41528\/revisions"}],"wp:attachment":[{"href":"https:\/\/test.celticfolkfestival.com\/de\/wp-json\/wp\/v2\/media?parent=41528"}],"curies":[{"name":"wp","href":"https:\/\/api.w.org\/{rel}","templated":true}]}}