{"id":1261,"date":"2023-01-13T15:07:45","date_gmt":"2023-01-13T14:07:45","guid":{"rendered":"https:\/\/test.celticfolkfestival.com\/?page_id=1261"},"modified":"2024-03-14T21:41:21","modified_gmt":"2024-03-14T20:41:21","slug":"rapalje-2024","status":"publish","type":"page","link":"https:\/\/test.celticfolkfestival.com\/de\/rapalje-2024\/","title":{"rendered":"Rapalje"},"content":{"rendered":"<p>[et_pb_section fb_built=\u201c1\u2033 _builder_version=\u201c4.17.4\u201c _module_preset=\u201cdefault\u201c global_colors_info=\u201c{}\u201c][et_pb_row columns_structure=\u201c1_2,1_2\u2033 _builder_version=\u201c4.17.4\u2033 _module_preset=\u201cdefault\u201c global_colors_info=\u201c {}\u201c][et_pb_column type=\u201c1_2\u2033 _builder_version=\u201c4.17.4\u2033 _module_preset=\u201cdefault\u201c global_colors_info=\u201c{}\u201c][et_pb_image src=\u201chttps:\/\/test.celticfolkfestival.com\/wp-content\/uploads\/2022 \/10\/308206062_662086958618002_3198243187564388614_n.jpg\u201c title_text=\u201c308206062_662086958618002_3198243187564388614_n\u201c _builder_version=\u201c4.17.4. \u2033 _module_preset=\u201cdefault\u201c global_colors_info=\u201c{}\u201c][\/et_pb_image][\/et_pb_column][et_pb_column type=\u201c1_2\u2033 _builder_version=\u201c4.17 .4\u2033 _module_preset=\u201cdefault\u201c global_colors_info=\u201c{}\u201c][et_pb_text _builder_version=\u201c4.17.4\u201c _module_preset=\u201cdefault\u201c global_colors_info=\u201c{}\u201c]<\/p>\n<p><span style=\"font-weight: 400;\">Nach fast drei Jahrzehnten auf der B\u00fchne geht Rapalje Celtic Folk Music immer noch l\u00e4chelnd durchs Leben. In dieser Zeit hat die ber\u00fchmte Gruppe aus Groningen unz\u00e4hlige Grenzen \u00fcberschritten, viele Preise gewonnen und unz\u00e4hlige Abenteuer in Kilts erlebt.\u00a0<\/span><\/p>\n<p><span style=\"font-weight: 400;\">Rapalje f\u00fchlt sich wie eine Familie, die einen besucht: Jede Show strotzt nur so vor Energie und wird von viel Humor und organisiertem Chaos begleitet. <\/span><span style=\"font-size: 14px;\">David, William, Mace\u00e1l und Sebastiaan wissen besser als jeder andere, wie man eine schottisch-irische Folk-Party veranstaltet und die musikalischen Herzen ihres Publikums immer wieder aufs Neue erobert. <\/span><\/p>\n<p><span style=\"font-size: 14px;\">Egal, ob Sie von ihren mitrei\u00dfenden Melodien mitgerissen werden, von ihrem historischen Flair fasziniert sind oder einfach nur auf der Suche nach einem unvergesslichen Live-Erlebnis sind, Rapalje ist eine Band, die Sie nicht verpassen sollten. Sie bleiben die Fahnentr\u00e4ger der Folk- und keltischen Musik und ihre musikalische Reise ist noch lange nicht zu Ende.<\/span><\/p>\n<p>[\/et_pb_text][\/et_pb_column][\/et_pb_row][et_pb_row columns_structure=\u201c1_2,1_2\u2033 _builder_version=\u201c4.17.4\u201c _module_preset=\u201cdefault\u201c global_colors_info=\u201c{}\u201c][et_pb_column type=\u201c1_2\u2033 _builder_version=\u201c 4.17.4\u2033 _module_preset=\u201cdefault\u201c global_colors_info=\u201c{}\u201c][et_pb_text _builder_version=\u201c4.17.4\u2033 _module_preset=\u201cdefault\u201c hover_enabled=\u201c0\u2033 sticky_enabled=\u201c0\u2033]<\/p>\n<h2>Interview anl\u00e4sslich der neuen Theatershow \u201evon der die ersten 7 ausverkauft sind\u201c mit Vorschau auf die neuen Songs:<\/h2>\n<p>[\/et_pb_text][et_pb_video src=\u201chttps:\/\/www.youtube.com\/watch?v=ZS-_z3OWcjc&amp;ab_channel=RTVSternet.nl\u201c _builder_version=\u201c4.17.4\u201c _module_preset=\u201cdefault\u201c hover_enabled=\u201c0\u2033 sticky_enabled= \u201d0\u2033][\/et_pb_video][et_pb_code _builder_version=\u201c4.17.4\u2033 _module_preset=\u201cdefault\u201c hover_enabled=\u201c0\u2033 global_colors_info=\u201c{}\u201c sticky_enabled=\u201c0\u2033]<\/p>\n<div style=\"padding:56.25% 0 0 0;position:relative;\"><iframe src=\"https:\/\/player.vimeo.com\/video\/457255114?badge=0&#038;autopause=0&#038;player_id=0&#038;app_id=58479\" frameborder=\"0\" allow=\"autoplay; fullscreen; picture-in-picture; clipboard-write\" style=\"position:absolute;top:0;left:0;width:100%;height:100%;\" title=\"Was sollen wir trinken - Zomerfolk 2019\"><\/iframe><\/div>\n<p><script src=\"https:\/\/player.vimeo.com\/api\/player.js\"><\/script>[\/et_pb_code][\/et_pb_column][et_pb_column type=\u201c1_2\u2033 _builder_version=\u201c4.17.4\u201c _module_preset=\u201cdefault\u201c global_colors_info=\u201c{}\u201c][et_pb_image src=\u201chttps:\/\/test.celticfolkfestival.com\/wp-content \/uploads\/2024\/03\/best-live-act-Rapalje.jpg\u201c title_text=\u201cbester Live-Act Rapalje\u201c _builder_version=\u201c4.17.4\u201c _module_preset=\u201cdefault\u201c global_colors_info=\u201c{}\u201c][\/et_pb_image][et_pb_video src=\u201chttps:\/\/www.youtube.com\/watch?v=wchL_wW17tw&amp;ab_channel=RAPALJECelticFolkMusic\u201c _builder_version=\u201c4.17.4\u201c _module_preset=\u201cdefault\u201c global_colors_info=\u201c{}\u201c][\/et_pb_video][\/et_pb_column][\/ et_pb_row][\/et_pb_section]<\/p>","protected":false},"excerpt":{"rendered":"<p>Nach fast drei Jahrzehnten auf der B\u00fchne geht Rapalje Celtic Folk Music immer noch l\u00e4chelnd durchs Leben. In dieser Zeit hat die ber\u00fchmte Gruppe aus Groningen unz\u00e4hlige Grenzen \u00fcberschritten, viele Preise gewonnen und unz\u00e4hlige Abenteuer in Kilts erlebt. Rapalje f\u00fchlt sich wie eine Familie, die einen besucht: Jede Show ist voller [\u2026]<\/p>","protected":false},"author":1,"featured_media":0,"parent":0,"menu_order":0,"comment_status":"closed","ping_status":"closed","template":"","meta":{"_et_pb_use_builder":"on","_et_pb_old_content":"","_et_gb_content_width":"","footnotes":""},"class_list":["post-1261","page","type-page","status-publish","hentry"],"_links":{"self":[{"href":"https:\/\/test.celticfolkfestival.com\/de\/wp-json\/wp\/v2\/pages\/1261","targetHints":{"allow":["GET"]}}],"collection":[{"href":"https:\/\/test.celticfolkfestival.com\/de\/wp-json\/wp\/v2\/pages"}],"about":[{"href":"https:\/\/test.celticfolkfestival.com\/de\/wp-json\/wp\/v2\/types\/page"}],"author":[{"embeddable":true,"href":"https:\/\/test.celticfolkfestival.com\/de\/wp-json\/wp\/v2\/users\/1"}],"replies":[{"embeddable":true,"href":"https:\/\/test.celticfolkfestival.com\/de\/wp-json\/wp\/v2\/comments?post=1261"}],"version-history":[{"count":0,"href":"https:\/\/test.celticfolkfestival.com\/de\/wp-json\/wp\/v2\/pages\/1261\/revisions"}],"wp:attachment":[{"href":"https:\/\/test.celticfolkfestival.com\/de\/wp-json\/wp\/v2\/media?parent=1261"}],"curies":[{"name":"wp","href":"https:\/\/api.w.org\/{rel}","templated":true}]}}